{"id":5378,"date":"2024-06-05T17:18:27","date_gmt":"2024-06-05T17:18:27","guid":{"rendered":"https:\/\/www.humbertoramos.net\/cifras\/?page_id=5378"},"modified":"2024-06-05T17:57:00","modified_gmt":"2024-06-05T17:57:00","slug":"felisberto-andradre","status":"publish","type":"page","link":"https:\/\/www.humbertoramos.net\/cifras\/felisberto-andradre\/","title":{"rendered":"Felisberto Andradre"},"content":{"rendered":"<p><span class=\"p\"><strong><img loading=\"lazy\" decoding=\"async\" class=\"alignnone size-medium wp-image-5379\" src=\"http:\/\/www.humbertoramos.net\/cifras\/wp-content\/uploads\/2024\/06\/felisberto-1-200x300.jpeg\" alt=\"\" width=\"200\" height=\"300\" srcset=\"https:\/\/www.humbertoramos.net\/cifras\/wp-content\/uploads\/2024\/06\/felisberto-1-200x300.jpeg 200w, https:\/\/www.humbertoramos.net\/cifras\/wp-content\/uploads\/2024\/06\/felisberto-1-682x1024.jpeg 682w, https:\/\/www.humbertoramos.net\/cifras\/wp-content\/uploads\/2024\/06\/felisberto-1-768x1154.jpeg 768w, https:\/\/www.humbertoramos.net\/cifras\/wp-content\/uploads\/2024\/06\/felisberto-1-1022x1536.jpeg 1022w, https:\/\/www.humbertoramos.net\/cifras\/wp-content\/uploads\/2024\/06\/felisberto-1-1320x1983.jpeg 1320w, https:\/\/www.humbertoramos.net\/cifras\/wp-content\/uploads\/2024\/06\/felisberto-1-600x902.jpeg 600w, https:\/\/www.humbertoramos.net\/cifras\/wp-content\/uploads\/2024\/06\/felisberto-1.jpeg 1363w\" sizes=\"auto, (max-width: 200px) 100vw, 200px\" \/><\/strong><\/span><\/p>\n<p><span class=\"p\"><strong>FELISBERTO ANDRADE<\/strong>, nome pelo qual \u00e9 conhecido no ramo musical, nasceu no seio de uma fam\u00edlia tradicional Cabo-verdiana, na Ilha do Fogo, no ano de 1981. Em 2006 come\u00e7a a residir em Lisboa, Portugal.<\/span><span class=\"p\">O interesse pela m\u00fasica foi despertado ainda em crian\u00e7a, por influ\u00eancia do seu pai, que adorava ouvir discos de vinil dos artistas Bana, Ces\u00e1ria \u00c9vora, Frank Mimita, Roberta Miranda, Teixeirinha, Roberto Carlos e Am\u00e1lia Rodrigues. Na adolesc\u00eancia, teve contacto com outros estilos musicais, designadamente m\u00fasica comercial, atrav\u00e9s do seu irm\u00e3o mais velho, que era reparador de aparelhagens de som.<br \/>\nFoi animador de r\u00e1dio, promovendo m\u00fasica comercial e tradicional, na direc\u00e7\u00e3o de um programa que destacava o top musical da actualidade.<\/span><span class=\"p\">Em Cabo Verde, nos anos de 2005 e 2006, estudou com mais afinco atrav\u00e9s dos estudos de introdu\u00e7\u00e3o musical, com o Padre Jo\u00e3o Augusto Martins, no Semin\u00e1rio Diocesano de Santiago, solidificando, deste modo, os estudos de Viol\u00e3o e Piano. Mas ao conhecer os acordes do Cavaquinho, a curiosidade foi mais forte, e come\u00e7ou a explorar este instrumento, apaixonando-se pelos ritmos e sons que transmitia.<\/span><\/p>\n<p>O Cavaquinho tornou-se o seu instrumento musical de elei\u00e7\u00e3o, passando a ser uma extens\u00e3o no seu trabalho pelas particularidades que apresenta na tradi\u00e7\u00e3o cultural e melodias, um instrumento voltado para ritmos tropicais, fundamental nas m\u00fasicas tradicionais de Cabo Verde.<\/p>\n<p><strong>Composi\u00e7\u00f5es j\u00e1 gravadas<\/strong><\/p>\n<p>1 &#8211; B\u00f4 aus\u00eancia<\/p>\n<p>2 &#8211; B\u00f4 iludim<\/p>\n<p>3 &#8211; Cus\u00ea que sta passa<\/p>\n<p>4 &#8211; Djarfogo<\/p>\n<p>5 &#8211; Fidjo matcho<\/p>\n<p>6 &#8211; Igualdade de oportunidade<\/p>\n<p>6 &#8211; Nha preferida<\/p>\n<p>7 &#8211; Nka culpado<\/p>\n<p>8 &#8211; Terral<\/p>\n<p>&nbsp;<\/p>\n<p>&nbsp;<\/p>\n<h1><span style=\"font-size: 14px;\">Nhas minis<\/span><\/h1>\n<p><span style=\"font-size: 14px;\"><strong>\u00a0<\/strong><\/span><\/p>\n<p><span style=\"font-size: 14px;\">Oh oh oh Nhord\u00eas de c\u00e9u<\/span><\/p>\n<p><span style=\"font-size: 14px;\">Nho dam vida cu sa\u00fade<\/span><\/p>\n<p><span style=\"font-size: 14px;\">Nho dam for\u00e7a pam trabadja Pam cuida de nhas minis<\/span><\/p>\n<p>&nbsp;<\/p>\n<p><span style=\"font-size: 14px;\">Nhas minis nha cordon d\u2019oru Nhas minis nha az\u00e1gua grande Nhas minis nha m\u00e1s qui tudo Nhas minis nha corda d\u2019 alma<\/span><\/p>\n<p>&nbsp;<\/p>\n<p><span style=\"font-size: 14px;\"><strong>Aben\u00e7o Nhord\u00eas na meio de testa Anjo da guarda na meio de costa Virgem Maria na ponta dedo<\/strong><\/span><\/p>\n<p><span style=\"font-size: 14px;\"><strong>Odju runho passa de largo<\/strong><\/span><\/p>\n<p><span style=\"font-size: 14px;\"><strong>\u00a0<\/strong><\/span><\/p>\n<p><span style=\"font-size: 14px;\">Terra \u00e9 pobre e vida \u00e9 duro Na labor de cada dia<\/span><\/p>\n<p><span style=\"font-size: 14px;\">Speran\u00e7a \u00e9 na terra, mar e c\u00e9u Na Nh\u00f4 que ta da boca e bocado<\/span><\/p>\n<p>&nbsp;<\/p>\n<p><span style=\"font-size: 14px;\">Nhas minis nta pidi nhos<\/span><\/p>\n<p><span style=\"font-size: 14px;\">Nhos obi consedju de mas grande Nhos\u00a0 studa e trabadja cu for\u00e7a P\u00e1 nhos ser homens de amanh\u00e3<\/span><\/p>\n<p>&nbsp;<\/p>\n<p><span style=\"font-size: 14px;\"><strong>Ca bu entra sem pidi licen\u00e7a Ca bu tuma sem fra obrigado Si bu c\u00e1 dadu ca bu panha\u00a0 Si bu pista leva de volta<\/strong><\/span><\/p>\n<p><span style=\"font-size: 14px;\"><strong>\u00a0<\/strong><\/span><\/p>\n<p><span style=\"font-size: 14px;\">Pa ca mexe cu nhas minis Pa ca toca na nhas minis<\/span><\/p>\n<p><span style=\"font-size: 14px;\">Ca aponta dedo p\u00e1 nhas minis Nhas minis nha fresco de ondea.<\/span><\/p>\n<p>&nbsp;<\/p>\n<p><span style=\"font-size: 14px;\">Nhas minis nha cordon d\u2019oru Nhas minis nha Az\u00e1gua grande Nhas minis nha m\u00e1s que tudo Nhas minis nha corda d\u2019alma Nhas minis nha fresco d\u2019ondea.<\/span><\/p>\n<p>&nbsp;<\/p>\n<h1><span style=\"font-size: 14px;\">Terral<\/span><\/h1>\n<p><span style=\"font-size: 14px;\"><strong>\u00a0<\/strong><\/span><\/p>\n<p><span style=\"font-size: 14px;\"><strong>Galo dja canta terral dja risca <\/strong><\/span><\/p>\n<p><span style=\"font-size: 14px;\"><strong>\u00c9 mas um dia que Sta nasce <\/strong><\/span><\/p>\n<p><span style=\"font-size: 14px;\"><strong>Nu tem que p\u00f3 de p\u00e9<\/strong><\/span><\/p>\n<p><span style=\"font-size: 14px;\"><strong>E renova n\u00f3s speran\u00e7a<\/strong><\/span><\/p>\n<p><span style=\"font-size: 14px;\"><strong>\u00c9s novo dia \u00e9 um novo oportunidade<\/strong><\/span><\/p>\n<p>&nbsp;<\/p>\n<p><span style=\"font-size: 14px;\">Cada dia que sol t\u00e1 ponta na horizonte Nu tem n\u00f3s mom n\u00f3s distino e n\u00f3s sonho Caminho \u00e9 longe el tem dificuldades<\/span><\/p>\n<p><span style=\"font-size: 14px;\">Mas cu speranca nu t\u00e1 luta tudo dia.<\/span><\/p>\n<p>&nbsp;<\/p>\n<p><span style=\"font-size: 14px;\">Cada desafio t\u00e1 tornanu mutu m\u00e1s forte P\u00e1 nu acredita cu tudo for\u00e7a de n\u00f3s alma<\/span><\/p>\n<p>&nbsp;<\/p>\n<p><span style=\"font-size: 14px;\">Corage e f\u00e9 c\u00e1 t\u00e1 faltanu Nhord\u00eas tamb\u00e9 c\u00e1 t\u00e1 fadjanu<\/span><\/p>\n<p>&nbsp;<\/p>\n<h1><span style=\"font-size: 14px;\">Nha preferida<\/span><\/h1>\n<p><span style=\"font-size: 14px;\"><strong>\u00a0<\/strong><\/span><\/p>\n<p><span style=\"font-size: 14px;\">Si nflabu ma nta amabu Bu pode acredita<\/span><\/p>\n<p><span style=\"font-size: 14px;\">Tudo que Ntem tudo que nkr\u00ea \u00e9 s\u00f3 bo<\/span><\/p>\n<p>&nbsp;<\/p>\n<p><span style=\"font-size: 14px;\">Nha amor acolhem \u00e9s sentimento<\/span><\/p>\n<p><span style=\"font-size: 14px;\">Cusa m\u00e1s lindo que um dia nsinti pa algu\u00e9m Cretcheu acolhem \u00e9s sentimento<\/span><\/p>\n<p><span style=\"font-size: 14px;\">Cusa m\u00e1s lindo que um dia nsinti p\u00e1 algu\u00e9m<\/span><\/p>\n<p>&nbsp;<\/p>\n<p><span style=\"font-size: 14px;\">Amor de nha vida<\/span><\/p>\n<p><span style=\"font-size: 14px;\">dexam tchomau nha preferida Ar que nta respira<\/span><\/p>\n<p><span style=\"font-size: 14px;\">Nha pedacinho de c\u00e9u Pa bo nkr\u00ea viv\u00e9<\/span><\/p>\n<p><span style=\"font-size: 14px;\">Pa bo nta luta tudo dia Odjau feliz<\/span><\/p>\n<p><span style=\"font-size: 14px;\">\u00c9 nha grande satisfa\u00e7\u00e3o<\/span><\/p>\n<p>&nbsp;<\/p>\n<p><span style=\"font-size: 14px;\">Nta prometeu um amor eterno Cuida de bo cu tcheu carinho<\/span><\/p>\n<p><span style=\"font-size: 14px;\">Nha cora\u00e7\u00e3o tem um lugar destinado s\u00f3 p\u00e1 bo Di bo tamb\u00e9m nta spera o mesmo<\/span><\/p>\n<p><span style=\"font-size: 14px;\">Pa nu vive em harmonia Pa nu vive em sintonia<\/span><\/p>\n<p><span style=\"font-size: 14px;\">Em cada nascer e p\u00f4r do sol.<\/span><\/p>\n<h1><span style=\"font-size: 14px;\">Igualdade de oportunidade<\/span><\/h1>\n<p><span style=\"font-size: 14px;\"><strong>\u00a0<\/strong><\/span><\/p>\n<p><span style=\"font-size: 14px;\">Nu djunta mon e uni n\u00f3s for\u00e7a Pa um mundo de paz<\/span><\/p>\n<p><span style=\"font-size: 14px;\">Um mundo de igualdade Um mundo mas justo<\/span><\/p>\n<p>&nbsp;<\/p>\n<p><span style=\"font-size: 14px;\">Um povo unido \u00e9 invenc\u00edvel \u00c9 um povo temido<\/span><\/p>\n<p><span style=\"font-size: 14px;\">Pa tudo tempo<\/span><\/p>\n<p><span style=\"font-size: 14px;\">\u00c9 um Povo de vit\u00f3ria<\/span><\/p>\n<p>&nbsp;<\/p>\n<p><span style=\"font-size: 14px;\">Pa cada fidju parida que Deus bota n\u00eas mundo Tem s\u00ea direito, s\u00ea liberdade e s\u00ea dignidade<\/span><\/p>\n<p><span style=\"font-size: 14px;\">Pa ca tem mas lugar a inveja, \u00f3dio e viol\u00eancia discrimina\u00e7\u00e3o, racismo, guerra e intoler\u00e2ncia.<\/span><\/p>\n<p>&nbsp;<\/p>\n<p><span style=\"font-size: 14px;\">Igualdade de oportunidade<\/span><\/p>\n<p><span style=\"font-size: 14px;\">p\u00e1 tudo humano, branco, negro, \u00edndio e amarelo.<\/span><\/p>\n<p><span style=\"font-size: 14px;\">Por dentro n\u00f3s \u00e9 tudo igual pa qu\u00ea alimenta<\/span><\/p>\n<p><span style=\"font-size: 14px;\">superioridade s\u00f3 p\u00e1 cor de pele.<\/span><\/p>\n<p>&nbsp;<\/p>\n<p><span style=\"font-size: 14px;\">Na hora de n\u00f3s partida \u00e9s ilus\u00e3o t\u00e1 termina Pobre, rico, feio, bonito e mal tadjadu<\/span><\/p>\n<p><span style=\"font-size: 14px;\">Sima nu bem assim tamb\u00e9m nu t\u00e1 bai des mundo Destino certo pa tudo criatura.<\/span><\/p>\n<p>&nbsp;<\/p>\n<p><span style=\"font-size: 14px;\">Na hora de n\u00f3s partida \u00e9s presun\u00e7\u00e3o t\u00e1 termina<\/span><\/p>\n<p><span style=\"font-size: 14px;\">Pobre, rico, feio, bonito e mal tadjadu<\/span><\/p>\n<p><span style=\"font-size: 14px;\">Sima nu bem assim tamb\u00e9m nu t\u00e1 bai des mundo Caminho certo pa tudo criatura.<\/span><\/p>\n<p>&nbsp;<\/p>\n<p>&nbsp;<\/p>\n<p><strong><span style=\"font-size: 16px;\">\u00a0B\u00f4 iludim<\/span><\/strong><\/p>\n<p><span style=\"font-size: 14px;\"><strong>\u00a0<\/strong><\/span><\/p>\n<p><span style=\"font-size: 14px;\">Bo iludim<\/span><\/p>\n<p><span style=\"font-size: 14px;\">Bo enganam Bo distruim<\/span><\/p>\n<p><span style=\"font-size: 14px;\">Bo transtornam Bo iludim<\/span><\/p>\n<p><span style=\"font-size: 14px;\">Bo enganam Bo confundim Bo tormentam<\/span><\/p>\n<p>&nbsp;<\/p>\n<p><span style=\"font-size: 14px;\">Ndabu nha cora\u00e7\u00e3o<\/span><\/p>\n<p><span style=\"font-size: 14px;\">Cu tudo esperan\u00e7a e certeza Fogo de nha paix\u00e3o<\/span><\/p>\n<p><span style=\"font-size: 14px;\">Cu Tudo carinho e grandeza<\/span><\/p>\n<p>&nbsp;<\/p>\n<p><span style=\"font-size: 14px;\">Foi s\u00f3 ilus\u00e3o<\/span><\/p>\n<p><span style=\"font-size: 14px;\">Tudo qu\u00eas promessas e juramentos Moda um burl\u00e3o<\/span><\/p>\n<p><span style=\"font-size: 14px;\">Bo defrauda nhas sentimentos<\/span><\/p>\n<p>&nbsp;<\/p>\n<p><span style=\"font-size: 14px;\">Nta labanta<\/span><\/p>\n<p><span style=\"font-size: 14px;\">E tudo \u00e9s m\u00e1gua t\u00e1 passa Toma outro rumo<\/span><\/p>\n<p><span style=\"font-size: 14px;\">Ta procura felicidade.<\/span><\/p>\n<p>&nbsp;<\/p>\n<p><span style=\"font-size: 14px;\">Nha vida era p\u00e1 bo<\/span><\/p>\n<p><span style=\"font-size: 14px;\">Nha cora\u00e7\u00e3o tem pouca sorte Nha vida era p\u00e1 bo,<\/span><\/p>\n<p><span style=\"font-size: 14px;\">bo iludim Bo destruim<\/span><\/p>\n<p>&nbsp;<\/p>\n<p><span style=\"font-size: 14px;\">Nha vida era pa bo<\/span><\/p>\n<p><span style=\"font-size: 14px;\">nha cora\u00e7\u00e3o tem pouca sorte Nha vida era pa bo<\/span><\/p>\n<p><span style=\"font-size: 14px;\">Bo enganame bo transtorname<\/span><\/p>\n<p>&nbsp;<\/p>\n<h1><span style=\"font-size: 14px;\">B\u00f4 aus\u00eancia<\/span><\/h1>\n<p>&nbsp;<\/p>\n<p><span style=\"font-size: 14px;\">Um brisa suave beijame nha rosto logo cedinho<\/span><\/p>\n<p><span style=\"font-size: 14px;\">Quando nlevanta pa m\u00e1s um dia d\u2019 \u00e9s jornada,<\/span><\/p>\n<p><span style=\"font-size: 14px;\">Fazem lembra na bus carinhos oh cretcheu dimeu,<\/span><\/p>\n<p><span style=\"font-size: 14px;\">De favor volta bem acalma \u00e9s cora\u00e7on.<\/span><\/p>\n<p>&nbsp;<\/p>\n<p><span style=\"font-size: 14px;\">Bo aus\u00eancia \u00e9 pior que passa na mar de canal<\/span><\/p>\n<p><span style=\"font-size: 14px;\">\u00c9 um tormento que ta tram tudo sossego dia e noite Nha peito vazio t\u00e1 depende de bo amor e paz<\/span><\/p>\n<p><span style=\"font-size: 14px;\">Nha felicidade bo na nhas bra\u00e7os oh Nha cretcheu.<\/span><\/p>\n<p>&nbsp;<\/p>\n<p><span style=\"font-size: 14px;\">Nta aguarda bo regresso tudo dia<\/span><\/p>\n<p><span style=\"font-size: 14px;\">De cora\u00e7\u00e3o descompassado e acelerado<\/span><\/p>\n<p><span style=\"font-size: 14px;\">\u00c9 ansiedade Nha companheira de tudo hora Ma \u00e9s speran\u00e7a \u00e9 nha for\u00e7a e Nha alento.<\/span><\/p>\n<p>&nbsp;<\/p>\n<h1><span style=\"font-size: 14px;\">Fidju matchu<\/span><\/h1>\n<p><span style=\"font-size: 14px;\"><strong>\u00a0<\/strong><\/span><\/p>\n<p><span style=\"font-size: 14px;\">Fidju matchu<\/span><\/p>\n<p><span style=\"font-size: 14px;\">Stend\u00ea bu mom e segura p\u00e1p\u00e1<\/span><\/p>\n<p><span style=\"font-size: 14px;\">Fidju matchu, nha corpo Sta bira fraco Nhas odjus sta ta intchi de neba<\/span><\/p>\n<p><span style=\"font-size: 14px;\">C\u00e1 falta tcheu tempo pam bai descansa<\/span><\/p>\n<p>&nbsp;<\/p>\n<p><span style=\"font-size: 14px;\">Na desafio de \u00e9s mundo turbulento Nluta tcheu pel pode ser midjor p\u00e1 bo<\/span><\/p>\n<p><span style=\"font-size: 14px;\">Tudo nha esfor\u00e7o \u00e9 p\u00e1 bu ser um homem feliz Hoje bo \u00e9 Nha orgulho, corage de p\u00e1p\u00e1<\/span><\/p>\n<p>&nbsp;<\/p>\n<p><span style=\"font-size: 14px;\">Tudo dia ntenta ser nha midjor vers\u00e3o Ndabu tcheu mimo, tcheu carinho, tudo afeto E na kes momentos m\u00e1s dif\u00edcil<\/span><\/p>\n<p><span style=\"font-size: 14px;\">Ndabu tamb\u00e9m sinal de grande amor<\/span><\/p>\n<p>&nbsp;<\/p>\n<p><span style=\"font-size: 14px;\">Nha grande consolo e paz de nha alma \u00e9 tem hoje \u00c9s sentimento de nha dever cumprido<\/span><\/p>\n<p><span style=\"font-size: 14px;\">Bo \u00e9 maior ben\u00e7\u00e3o e continuidade de Nha vida Fidju, de cora\u00e7\u00e3o, pai t\u00e1 bai descansado.<\/span><\/p>\n<p>&nbsp;<\/p>\n<h1><span style=\"font-size: 14px;\">Nka ta culpabu<\/span><\/h1>\n<p><span style=\"font-size: 14px;\"><strong>\u00a0<\/strong><\/span><\/p>\n<p><span style=\"font-size: 14px;\">Nsai de casa,<\/span><\/p>\n<p><span style=\"font-size: 14px;\">ndechabu ta dormi mansinho Antes de nvolta<\/span><\/p>\n<p><span style=\"font-size: 14px;\">bu dormi p\u00e1 eternidade<\/span><\/p>\n<p><span style=\"font-size: 14px;\">Nka ta culpabu<\/span><\/p>\n<p><span style=\"font-size: 14px;\">D\u00e9s grande mal qui bu fazem Nta desculpabu<\/span><\/p>\n<p><span style=\"font-size: 14px;\">d\u00e9s sofrimento que bu causam<\/span><\/p>\n<p>&nbsp;<\/p>\n<p><span style=\"font-size: 14px;\">Nta prometebu<\/span><\/p>\n<p><span style=\"font-size: 14px;\">Por tudo que \u00e9 mas sagrado Que Nta cunfia<\/span><\/p>\n<p><span style=\"font-size: 14px;\">ma es c\u00e1 era bu vontade<\/span><\/p>\n<p>&nbsp;<\/p>\n<p><span style=\"font-size: 14px;\">Nta pidi Deus<\/span><\/p>\n<p><span style=\"font-size: 14px;\">Pel acolhebu na s\u00ea gl\u00f3ria Pel compensabu<\/span><\/p>\n<p><span style=\"font-size: 14px;\">De tudo bem que bo fazem<\/span><\/p>\n<p>&nbsp;<\/p>\n<p>&nbsp;<\/p>\n<h1><span style=\"font-size: 14px;\">Cus\u00ea que sta passa<\/span><\/h1>\n<p><span style=\"font-size: 14px;\"><strong>\u00a0<\/strong><\/span><\/p>\n<p><span style=\"font-size: 14px;\">Nh\u2019amor<\/span><\/p>\n<p><span style=\"font-size: 14px;\">flam cus\u00ea que sta passa<\/span><\/p>\n<p><span style=\"font-size: 14px;\">Qui mi cu b\u00f3<\/span><\/p>\n<p><span style=\"font-size: 14px;\">nu c\u00e1 Sta pode suporta m\u00e1s<\/span><\/p>\n<p>&nbsp;<\/p>\n<p><span style=\"font-size: 14px;\">N\u00f3s\u00a0 pac\u00eancia Dja caba<\/span><\/p>\n<p><span style=\"font-size: 14px;\">N\u00f3s carinho Dja bai embora Di mi cu bo \u00e9 midjor<\/span><\/p>\n<p><span style=\"font-size: 14px;\">Fica s\u00f3 na amizade<\/span><\/p>\n<p>&nbsp;<\/p>\n<p><span style=\"font-size: 14px;\">N\u00e3o, c\u00e1 nu disispera Sima \u00e9s t\u00e1 fla<\/span><\/p>\n<p><span style=\"font-size: 14px;\">Tudo na vida tem concerto Ami nkrebu tcheu dim\u00e1s<\/span><\/p>\n<p><span style=\"font-size: 14px;\">Nha cora\u00e7ao ta b\u00e2ti s\u00f3 p\u00e1 bo.<\/span><\/p>\n<p>&nbsp;<\/p>\n<h1><span style=\"font-size: 14px;\">Djarfogo<\/span><\/h1>\n<p><span style=\"font-size: 14px;\"><strong>\u00a0<\/strong><\/span><\/p>\n<p><span style=\"font-size: 14px;\">Nha terra, tanto tempo longe bo Djarfogo, ma Nka ta esquecebu<\/span><\/p>\n<p>&nbsp;<\/p>\n<p><span style=\"font-size: 14px;\">Criolas bonita \u00e9 nha perdi\u00e7\u00e3o Coxas redondo de petu quenti Di mustero pa S\u00e3o Jorge<\/span><\/p>\n<p><span style=\"font-size: 14px;\">Quem que odja c\u00e1 tem que p\u00f4 c\u00e1 tem que tra Di unha p\u00e9 cabelo na cabe\u00e7a<\/span><\/p>\n<p><span style=\"font-size: 14px;\">Nhos beleza \u00e9 sem igual C\u00e1 tem nada nes mundo<\/span><\/p>\n<p><span style=\"font-size: 14px;\">que Nta troca p\u00e1 nhos quentura Qu\u00ea sima lume burcam<\/span><\/p>\n<p><span style=\"font-size: 14px;\">Ai criolas de djarfogo.<\/span><\/p>\n<p>&nbsp;<\/p>\n<p><span style=\"font-size: 14px;\">Bo vulc\u00e3o \u00e9 bu grandeza El t\u00e1 atrai mundo p\u00e1 bo Simpatia di bus fidjus<\/span><\/p>\n<p><span style=\"font-size: 14px;\">Ses ousadia e coragem \u00e9 sem limite Ses simplicidade e morabeza<\/span><\/p>\n<p><span style=\"font-size: 14px;\">C\u00e1 tem noutro lugar na mundo<\/span><\/p>\n<p><span style=\"font-size: 14px;\">Festas grande ano intero p\u00e1 tudo lado<\/span><\/p>\n<p><span style=\"font-size: 14px;\">Bu paisagem e bu cultura E bu clima tropical<\/span><\/p>\n<p>&nbsp;<\/p>\n<p><span style=\"font-size: 14px;\">Bu manecom \u00e9 nha tenta\u00e7\u00e3o El t\u00e1 alegra nha cora\u00e7\u00e3o Caf\u00e9 forte de riba Mustero<\/span><\/p>\n<p><span style=\"font-size: 14px;\">Cu leti cabra, cuscuz quenti queijo fresco, Djagassida fijom figuera,<\/span><\/p>\n<p><span style=\"font-size: 14px;\">Ai kel cheirinho Mantega terra<\/span><\/p>\n<p><span style=\"font-size: 14px;\">Kel cachupada cu tossim e p\u00e9 de porco Caldo de peixe e mandioca nobo<\/span><\/p>\n<p><span style=\"font-size: 14px;\">Ai djarfogo bo \u00e9 sabe.<\/span><\/p>\n","protected":false},"excerpt":{"rendered":"<p>FELISBERTO ANDRADE, nome pelo qual \u00e9 conhecido no ramo musical, nasceu no seio de uma fam\u00edlia tradicional Cabo-verdiana, na Ilha do Fogo, no ano de 1981. Em 2006 come\u00e7a a [&hellip;]<\/p>\n","protected":false},"author":1,"featured_media":0,"parent":0,"menu_order":0,"comment_status":"closed","ping_status":"closed","template":"","meta":{"spay_email":"","footnotes":""},"class_list":["post-5378","page","type-page","status-publish","hentry"],"_links":{"self":[{"href":"https:\/\/www.humbertoramos.net\/cifras\/wp-json\/wp\/v2\/pages\/5378","targetHints":{"allow":["GET"]}}],"collection":[{"href":"https:\/\/www.humbertoramos.net\/cifras\/wp-json\/wp\/v2\/pages"}],"about":[{"href":"https:\/\/www.humbertoramos.net\/cifras\/wp-json\/wp\/v2\/types\/page"}],"author":[{"embeddable":true,"href":"https:\/\/www.humbertoramos.net\/cifras\/wp-json\/wp\/v2\/users\/1"}],"replies":[{"embeddable":true,"href":"https:\/\/www.humbertoramos.net\/cifras\/wp-json\/wp\/v2\/comments?post=5378"}],"version-history":[{"count":6,"href":"https:\/\/www.humbertoramos.net\/cifras\/wp-json\/wp\/v2\/pages\/5378\/revisions"}],"predecessor-version":[{"id":5387,"href":"https:\/\/www.humbertoramos.net\/cifras\/wp-json\/wp\/v2\/pages\/5378\/revisions\/5387"}],"wp:attachment":[{"href":"https:\/\/www.humbertoramos.net\/cifras\/wp-json\/wp\/v2\/media?parent=5378"}],"curies":[{"name":"wp","href":"https:\/\/api.w.org\/{rel}","templated":true}]}}